{"id":4659,"date":"2026-08-22T15:32:52","date_gmt":"2026-08-22T13:32:52","guid":{"rendered":"https:\/\/firetraite.ch\/wordpress\/?page_id=4659"},"modified":"2026-08-26T14:56:59","modified_gmt":"2026-08-26T12:56:59","slug":"excursion-champex-3","status":"publish","type":"page","link":"https:\/\/firetraite.ch\/wordpress\/?page_id=4659","title":{"rendered":"Excursion Mol\u00e9son"},"content":{"rendered":"<p style=\"text-align: center;\"><span style=\"font-size: 14pt;\"><strong>Excursion \u00e0 Mol\u00e9son-sur-Gruy\u00e8res et Plan-Francey<br \/>\n<\/strong><strong>Jeudi 8 octobre 2026<br \/>\n<\/strong><em>Excursion offerte r\u00e9serv\u00e9e uniquement aux retrait\u00e9-e-s membres cotisants du groupement<\/em><\/span><\/p>\n<p><a href=\"https:\/\/firetraite.ch\/wordpress\/wp-content\/uploads\/2026\/08\/Moleson.jpg\"><img loading=\"lazy\" decoding=\"async\" class=\"alignleft wp-image-4667\" src=\"https:\/\/firetraite.ch\/wordpress\/wp-content\/uploads\/2026\/08\/Moleson.jpg\" alt=\"\" width=\"403\" height=\"274\" \/><\/a>Le Mol\u00e9son est le sommet embl\u00e9matique des Pr\u00e9alpes fribourgeoises, i<span data-icl-uuid=\"7251d197-f44e-4f6c-9e4e-6e98434225d8\" data-sfc-root=\"ep\" data-complete=\"true\" data-processed=\"true\" data-copy-service-computed-style=\"font-family: Google Sans, Arial, sans-serif; font-size: 16px; font-weight: 400; margin: 0px; text-decoration: none; border-bottom: 0px rgb(10, 10, 10);\">l est proche du c\u00e9l\u00e8bre village m\u00e9di\u00e9val de Gruy\u00e8res. Culminant \u00e0 2\u2019002 m au c\u0153ur de la Gruy\u00e8re, cette montagne est un v\u00e9ritable symbole du canton de Fribourg. Du sommet, comme le dit sa publicit\u00e9 \u00ab\u00a0<em>Du Mol\u00e9son je vois ma maison<\/em>\u00ab\u00a0, une vue \u00e9tourdissante vous offre le panorama le plus complet de Suisse romande ! Avec plus de 1\u2019000 points de vue, du lac L\u00e9man au Mont-Blanc et de la r\u00e9gion des 3 lacs aux fameux sommets de l&rsquo;Oberland Bernois. <\/span><span data-icl-uuid=\"adaac46d-dfcb-4924-969f-e2aeed197490\" data-sfc-root=\"ep\" data-complete=\"true\" data-processed=\"true\" aria-owns=\"action-menu-parent-container\" data-copy-service-computed-style=\"font-family: Google Sans, Arial, sans-serif; font-size: 16px; font-weight: 400; margin: 0px; text-decoration: none; border-bottom: 0px rgb(10, 10, 10);\">.<\/span><\/p>\n<p>&nbsp;<\/p>\n<p><strong>Programme<\/strong><br \/>\n<strong>07h45<\/strong> \u2013 D\u00e9part du minibus (22 places)\u00a0 devant l\u2019ancienne r\u00e9ception de l\u2019usine de La Plaine<br \/>\n<strong>07h45<\/strong> \u2013 D\u00e9part du car de La Place de Neuve, devant le Grand Th\u00e9\u00e2tre.<br \/>\n<strong>08h15<\/strong> \u00a0\u2013 Les 2 groupes se rejoignent \u00e0 l\u2019Arena, transbordement dans le car et d\u00e9part en direction de Lausanne, Bulle, Gruy\u00e8res<br \/>\n<strong>08h30\u00a0<\/strong> \u2013 Arr\u00eat \u00e0 Signy pour embarquement du groupe \u00ab\u00a0D\u00e9part Signy\u00a0\u00bb<br \/>\n<strong>09h45<\/strong> \u2013 Arriv\u00e9e \u00e0 Pringy \u00e0 la <a href=\"https:\/\/www.lamaisondugruyere.ch\/\" target=\"_blank\" rel=\"noopener\"><strong>Maison du Gruy\u00e8re<\/strong><\/a>, accueil caf\u00e9\/croissant<br \/>\n<strong>10h15<\/strong> \u2013 Visite audioguid\u00e9e de la Maison du Gruy\u00e8re (dur\u00e9e environ 45 minutes).<br \/>\n<strong>11h30<\/strong> \u2013 Reprise du car en direction de Mol\u00e9son-sur-Gruy\u00e8res<br \/>\n<strong>11h45<\/strong> \u2013 Arriv\u00e9e \u00e0 Mol\u00e9son-sur-Gruy\u00e8res et mont\u00e9e en funiculaire (1&rsquo;350 m sur un d\u00e9nivel\u00e9 de 409 m) vers Plan-Francey.altitude. 1&rsquo;520 m.<br \/>\n<strong>12h30<\/strong> \u2013 Repas de midi au <a href=\"https:\/\/www.moleson.ch\/plan-francey\/\" target=\"_blank\" rel=\"noopener\"><strong>restaurant de Plan-Francey<\/strong><\/a><\/p>\n<p style=\"text-align: center;\"><strong>*** Menu ***<\/strong><br \/>\nSp\u00e9cialit\u00e9s de viandes froides de la Gruy\u00e8re<br \/>\n\u2014\u2014\u2014-<br \/>\nFondue moiti\u00e9-moiti\u00e9<br \/>\n\u2014\u2014\u2014\u2013<br \/>\nMeringues et double cr\u00e8me de la Gruy\u00e8re<br \/>\n\u2014\u2014\u2014\u2013<br \/>\n2 dl de vin blanc ou rouge par personne<br \/>\n1 bouteille d\u2019eau min\u00e9rale 1,5 dl pour 3 personnes et 1 caf\u00e9<br \/>\n<em>Digestifs \u00e9ventuels \u00e0 la charge de chacun !<\/em><\/p>\n<p><a href=\"https:\/\/firetraite.ch\/wordpress\/wp-content\/uploads\/2026\/08\/Vache-Moleson.jpg\"><img loading=\"lazy\" decoding=\"async\" class=\"alignright wp-image-4681\" src=\"https:\/\/firetraite.ch\/wordpress\/wp-content\/uploads\/2026\/08\/Vache-Moleson-300x140.jpg\" alt=\"\" width=\"220\" height=\"107\" \/><\/a>Apr\u00e8s le repas, temps libre sur le site et possibilit\u00e9 de prendre le t\u00e9l\u00e9cabine pour se rendre en quelques minutes au sommet du Mol\u00e9son <em>(non inclus, \u00e0 la charge des participants, tarif AVS mont\u00e9e A\/R 20.-CHF).<\/em><\/p>\n<p><strong>16h00<\/strong> \u2013 Descente en funiculaire de Plan-Francey vers Mol\u00e9son-sur-Gruy\u00e8res.<br \/>\n<strong>16h30<\/strong> \u2013 Reprise du car en direction de Gen\u00e8ve.<br \/>\n<strong>18h30<\/strong> \u2013 Arriv\u00e9e \u00e0 Gen\u00e8ve Arena, transbordement dans le minibus pour La Plaine et d\u00e9part<br \/>\n<strong>18h30<\/strong> \u2013 Continuation en car pour les personnes allant \u00e0 la Place Neuve<br \/>\n<strong>19h00 \u2013 <\/strong>Place Neuve, fin de l&rsquo;excursion<\/p>\n<p><strong>Dernier d\u00e9lai pour inscription : 25 septembre 2026, car limit\u00e9 60 places<\/strong><br \/>\n\n<div class=\"wpcf7 no-js\" id=\"wpcf7-f4689-o1\" lang=\"fr-FR\" dir=\"ltr\" data-wpcf7-id=\"4689\">\n<div class=\"screen-reader-response\"><p role=\"status\" aria-live=\"polite\" aria-atomic=\"true\"><\/p> <ul><\/ul><\/div>\n<form action=\"\/wordpress\/index.php?rest_route=%2Fwp%2Fv2%2Fpages%2F4659#wpcf7-f4689-o1\" method=\"post\" class=\"wpcf7-form init\" aria-label=\"Formulaire de contact\" novalidate=\"novalidate\" data-status=\"init\">\n<div style=\"display: none;\">\n<input type=\"hidden\" name=\"_wpcf7\" value=\"4689\" \/>\n<input type=\"hidden\" name=\"_wpcf7_version\" value=\"6.0.5\" \/>\n<input type=\"hidden\" name=\"_wpcf7_locale\" value=\"fr_FR\" \/>\n<input type=\"hidden\" name=\"_wpcf7_unit_tag\" value=\"wpcf7-f4689-o1\" \/>\n<input type=\"hidden\" name=\"_wpcf7_container_post\" value=\"0\" \/>\n<input type=\"hidden\" name=\"_wpcf7_posted_data_hash\" value=\"\" \/>\n<\/div>\n<p>INSCRIPTION A L'EXCURSION DU 8 OCTOBRE 2026\n<\/p>\n<p><span class=\"wpcf7-form-control-wrap\" data-name=\"Politesse\"><span class=\"wpcf7-form-control wpcf7-checkbox wpcf7-validates-as-required wpcf7-exclusive-checkbox\"><span class=\"wpcf7-list-item first\"><span class=\"wpcf7-list-item-label\">Madame<\/span><input type=\"checkbox\" name=\"Politesse\" value=\"Madame\" \/><\/span><span class=\"wpcf7-list-item last\"><span class=\"wpcf7-list-item-label\">Monsieur<\/span><input type=\"checkbox\" name=\"Politesse\" value=\"Monsieur\" \/><\/span><\/span><\/span>\n<\/p>\n<p>(Obligatoire) Pr\u00e9nom <span class=\"wpcf7-form-control-wrap\" data-name=\"your-firstname\"><input size=\"25\" maxlength=\"400\" class=\"wpcf7-form-control wpcf7-text wpcf7-validates-as-required\" aria-required=\"true\" aria-invalid=\"false\" value=\"\" type=\"text\" name=\"your-firstname\" \/><\/span> (obligatoire) Nom <span class=\"wpcf7-form-control-wrap\" data-name=\"your-name\"><input size=\"25\" maxlength=\"400\" class=\"wpcf7-form-control wpcf7-text wpcf7-validates-as-required\" aria-required=\"true\" aria-invalid=\"false\" value=\"\" type=\"text\" name=\"your-name\" \/><\/span>\n<\/p>\n<p>Votre email (obligatoire) <span class=\"wpcf7-form-control-wrap\" data-name=\"your-email\"><input size=\"40\" maxlength=\"400\" class=\"wpcf7-form-control wpcf7-email wpcf7-validates-as-required wpcf7-text wpcf7-validates-as-email\" aria-required=\"true\" aria-invalid=\"false\" value=\"\" type=\"email\" name=\"your-email\" \/><\/span>\n<\/p>\n<p>En cas de probl\u00e8me durant l'excursion, votre N\u00b0 mobile avec pr\u00e9fixe international <span class=\"wpcf7-form-control-wrap\" data-name=\"Mobile\"><input size=\"20\" maxlength=\"400\" class=\"wpcf7-form-control wpcf7-text\" aria-invalid=\"false\" value=\"\" type=\"text\" name=\"Mobile\" \/><\/span>\n<\/p>\n<p><span class=\"wpcf7-form-control-wrap\" data-name=\"checkbox-896\"><span class=\"wpcf7-form-control wpcf7-checkbox wpcf7-validates-as-required\"><span class=\"wpcf7-list-item first last\"><input type=\"checkbox\" name=\"checkbox-896[]\" value=\"Je m&#039;inscris \u00e0 l&#039;excursion et choisis le point de d\u00e9part :\" \/><span class=\"wpcf7-list-item-label\">Je m&#039;inscris \u00e0 l&#039;excursion et choisis le point de d\u00e9part :<\/span><\/span><\/span><\/span>\n<\/p>\n<p><span class=\"wpcf7-form-control-wrap\" data-name=\"checkbox-595\"><span class=\"wpcf7-form-control wpcf7-checkbox wpcf7-validates-as-required wpcf7-exclusive-checkbox\"><span class=\"wpcf7-list-item first\"><input type=\"checkbox\" name=\"checkbox-595\" value=\"La Plaine (ancienne r\u00e9ception)\" \/><span class=\"wpcf7-list-item-label\">La Plaine (ancienne r\u00e9ception)<\/span><\/span><span class=\"wpcf7-list-item\"><input type=\"checkbox\" name=\"checkbox-595\" value=\"La Place de Neuve (devant le Grand Th\u00e9\u00e2tre)\" \/><span class=\"wpcf7-list-item-label\">La Place de Neuve (devant le Grand Th\u00e9\u00e2tre)<\/span><\/span><span class=\"wpcf7-list-item last\"><input type=\"checkbox\" name=\"checkbox-595\" value=\"Signy (Centre commercial)\" \/><span class=\"wpcf7-list-item-label\">Signy (Centre commercial)<\/span><\/span><\/span><\/span>\n<\/p>\n<p>Votre message : <span class=\"wpcf7-form-control-wrap\" data-name=\"Votremessage\"><input size=\"100\" maxlength=\"400\" class=\"wpcf7-form-control wpcf7-text\" aria-invalid=\"false\" value=\"\" type=\"text\" name=\"Votremessage\" \/><\/span>\n<\/p>\n<p>En tapant ces 4 caract\u00e8res ci-dessous (CAPTCHA), vous nous \u00e9viterez une avalanche potentielle de spams sur notre email, puis cliquez sur Envoyer\n<\/p>\n<p><input type=\"hidden\" name=\"_wpcf7_captcha_challenge_captcha-870\" value=\"2136681869\" \/><img loading=\"lazy\" decoding=\"async\" class=\"wpcf7-form-control wpcf7-captchac wpcf7-captcha-captcha-870\" width=\"72\" height=\"24\" alt=\"captcha\" src=\"https:\/\/firetraite.ch\/wordpress\/wp-content\/uploads\/wpcf7_captcha\/2136681869.png\" \/><br \/>\n<span class=\"wpcf7-form-control-wrap\" data-name=\"captcha-870\"><input size=\"40\" class=\"wpcf7-form-control wpcf7-captchar\" autocomplete=\"off\" aria-invalid=\"false\" value=\"\" type=\"text\" name=\"captcha-870\" \/><\/span>\n<\/p>\n<p><input class=\"wpcf7-form-control wpcf7-submit has-spinner\" type=\"submit\" value=\"Envoyer\" \/>\n<\/p>\n<p> Apr\u00e8s avoir cliqu\u00e9 sur \"Envoyer\", vous recevrez par email une confirmation de votre inscription\n<\/p><p style=\"display: none !important;\" class=\"akismet-fields-container\" data-prefix=\"_wpcf7_ak_\"><label>&#916;<textarea name=\"_wpcf7_ak_hp_textarea\" cols=\"45\" rows=\"8\" maxlength=\"100\"><\/textarea><\/label><input type=\"hidden\" id=\"ak_js_1\" name=\"_wpcf7_ak_js\" value=\"96\"\/><script>document.getElementById( \"ak_js_1\" ).setAttribute( \"value\", ( new Date() ).getTime() );<\/script><\/p><div class=\"wpcf7-response-output\" aria-hidden=\"true\"><\/div>\n<\/form>\n<\/div>\n<\/p>\n","protected":false},"excerpt":{"rendered":"<p>Excursion \u00e0 Mol\u00e9son-sur-Gruy\u00e8res et Plan-Francey Jeudi 8 octobre 2026 Excursion offerte r\u00e9serv\u00e9e uniquement aux retrait\u00e9-e-s membres cotisants du groupement Le Mol\u00e9son est le sommet embl\u00e9matique des Pr\u00e9alpes fribourgeoises, il est proche du c\u00e9l\u00e8bre village m\u00e9di\u00e9val de Gruy\u00e8res. Culminant \u00e0 2\u2019002 &hellip; <a href=\"https:\/\/firetraite.ch\/wordpress\/?page_id=4659\">Continuer la lecture <span class=\"meta-nav\">&rarr;<\/span><\/a><\/p>\n","protected":false},"author":1,"featured_media":0,"parent":13,"menu_order":0,"comment_status":"closed","ping_status":"closed","template":"showcase.php","meta":{"footnotes":""},"class_list":["post-4659","page","type-page","status-publish","hentry"],"_links":{"self":[{"href":"https:\/\/firetraite.ch\/wordpress\/index.php?rest_route=\/wp\/v2\/pages\/4659","targetHints":{"allow":["GET"]}}],"collection":[{"href":"https:\/\/firetraite.ch\/wordpress\/index.php?rest_route=\/wp\/v2\/pages"}],"about":[{"href":"https:\/\/firetraite.ch\/wordpress\/index.php?rest_route=\/wp\/v2\/types\/page"}],"author":[{"embeddable":true,"href":"https:\/\/firetraite.ch\/wordpress\/index.php?rest_route=\/wp\/v2\/users\/1"}],"replies":[{"embeddable":true,"href":"https:\/\/firetraite.ch\/wordpress\/index.php?rest_route=%2Fwp%2Fv2%2Fcomments&post=4659"}],"version-history":[{"count":46,"href":"https:\/\/firetraite.ch\/wordpress\/index.php?rest_route=\/wp\/v2\/pages\/4659\/revisions"}],"predecessor-version":[{"id":4710,"href":"https:\/\/firetraite.ch\/wordpress\/index.php?rest_route=\/wp\/v2\/pages\/4659\/revisions\/4710"}],"up":[{"embeddable":true,"href":"https:\/\/firetraite.ch\/wordpress\/index.php?rest_route=\/wp\/v2\/pages\/13"}],"wp:attachment":[{"href":"https:\/\/firetraite.ch\/wordpress\/index.php?rest_route=%2Fwp%2Fv2%2Fmedia&parent=4659"}],"curies":[{"name":"wp","href":"https:\/\/api.w.org\/{rel}","templated":true}]}}